{"id":3771,"date":"2021-06-30T10:37:31","date_gmt":"2021-06-30T08:37:31","guid":{"rendered":"https:\/\/dilectacycles.com\/?page_id=3771"},"modified":"2024-04-17T18:03:51","modified_gmt":"2024-04-17T16:03:51","slug":"privacy-policy","status":"publish","type":"page","link":"https:\/\/dilectacycles.com\/en\/privacy-policy\/","title":{"rendered":"Privacy Policy"},"content":{"rendered":"\n<div class=\"wp-block-cover alignfull is-light\" style=\"min-height:300px;aspect-ratio:unset;\"><span aria-hidden=\"true\" class=\"wp-block-cover__background has-background-dim-20 has-background-dim\"><\/span><img loading=\"lazy\" decoding=\"async\" width=\"2560\" height=\"1677\" class=\"wp-block-cover__image-background wp-image-215\" src=\"https:\/\/dilectacycles.com\/wp-content\/uploads\/2021\/01\/DepartCourse-le-BLANC-1921-scaled.jpg\" style=\"object-position:50% 30%\" data-object-fit=\"cover\" data-object-position=\"50% 30%\" srcset=\"https:\/\/dilectacycles.com\/wp-content\/uploads\/2021\/01\/DepartCourse-le-BLANC-1921-scaled.jpg 2560w, https:\/\/dilectacycles.com\/wp-content\/uploads\/2021\/01\/DepartCourse-le-BLANC-1921-scaled-324x212.jpg 324w, https:\/\/dilectacycles.com\/wp-content\/uploads\/2021\/01\/DepartCourse-le-BLANC-1921-scaled-416x273.jpg 416w, https:\/\/dilectacycles.com\/wp-content\/uploads\/2021\/01\/DepartCourse-le-BLANC-1921-300x197.jpg 300w, https:\/\/dilectacycles.com\/wp-content\/uploads\/2021\/01\/DepartCourse-le-BLANC-1921-1024x671.jpg 1024w, https:\/\/dilectacycles.com\/wp-content\/uploads\/2021\/01\/DepartCourse-le-BLANC-1921-768x503.jpg 768w, https:\/\/dilectacycles.com\/wp-content\/uploads\/2021\/01\/DepartCourse-le-BLANC-1921-1600x1048.jpg 1600w, https:\/\/dilectacycles.com\/wp-content\/uploads\/2021\/01\/DepartCourse-le-BLANC-1921-1536x1006.jpg 1536w, https:\/\/dilectacycles.com\/wp-content\/uploads\/2021\/01\/DepartCourse-le-BLANC-1921-2048x1342.jpg 2048w\" sizes=\"auto, (max-width: 2560px) 100vw, 2560px\" \/><div class=\"wp-block-cover__inner-container is-layout-flow wp-block-cover-is-layout-flow\">\n<p class=\"has-text-align-center has-large-font-size\"><\/p>\n<\/div><\/div>\n\n\n\n<div style=\"height:100px\" aria-hidden=\"true\" class=\"wp-block-spacer\"><\/div>\n\n\n\n<h1 class=\"wp-block-heading alignwide has-text-align-center\">Politique de<br>confidentialit\u00e9<\/h1>\n\n\n\n<div style=\"height:100px\" aria-hidden=\"true\" class=\"wp-block-spacer\"><\/div>\n\n\n\n<p>IMSC DILECTA (ci-apr\u00e8s \u00ab&nbsp;<strong>IMSC<\/strong>&nbsp;\u00bb), telle que d\u00e9finie dans les Mentions l\u00e9gales, est le responsable du traitement au sens du RGPD, pour la collecte et le traitement des donn\u00e9es \u00e0 caract\u00e8re personnel effectu\u00e9s sur le pr\u00e9sent site accessible \u00e0 l\u2019adresse URL &lt; https:\/\/dilectacycles.com&gt; (ci-apr\u00e8s le \u00ab&nbsp;<strong>Site<\/strong>&nbsp;\u00bb).<\/p>\n\n\n\n<p>A ce titre, IMSC s\u2019engage \u00e0 respecter les donn\u00e9es personnelles vous concernant, qui sont collect\u00e9es et trait\u00e9es \u00e0 l&#8217;occasion de votre utilisation du Site. A cet \u00e9gard, IMSC respecte les l\u00e9gislations europ\u00e9enne et fran\u00e7aise en mati\u00e8re de protection des donn\u00e9es personnelles, principalement le r\u00e8glement europ\u00e9en UE n\u00b02016\/679 dit \u00ab RGPD \u00bb et la loi n\u00b078-17 dite \u00ab Informatique et Libert\u00e9s \u00bb.<\/p>\n\n\n\n<h4 class=\"wp-block-heading\"><strong>Finalit\u00e9s des traitements&nbsp;<\/strong><\/h4>\n\n\n\n<p>Vos donn\u00e9es personnelles sont susceptibles d\u2019\u00eatre trait\u00e9es par le biais du Site pour les finalit\u00e9s suivantes :<\/p>\n\n\n\n<ul class=\"wp-block-list\">\n<li>Le formulaire pr\u00e9sent sur le Site vous permet d\u2019acheter les produits propos\u00e9s directement sur le Site, d\u2019\u00eatre livr\u00e9 \u00e0 l\u2019adresse indiqu\u00e9e par vos soins, et de cr\u00e9er un compte client si vous le souhaitez.<br>Sous r\u00e9serve de votre accord pr\u00e9alable, vous \u00eates inform\u00e9 par la pr\u00e9sente et \u00e0 l\u2019occasion de cette collecte que IMSC est susceptible de vous faire parvenir des offres promotionnelles et publicitaires en lien avec le Site. Si vous pr\u00e9f\u00e9rez ne pas recevoir de telles offres promotionnelles, et ne pas participer \u00e0 nos programmes de personnalisation des publicit\u00e9s, vous pouvez l\u2019indiquer lors de votre inscription, ou \u00e0 tout moment, \u00e0 l\u2019adresse\u00a0legal@dilectacycles.com.\u00a0Pour vous d\u00e9sabonner des offres re\u00e7ues par courriel, vous pouvez cliquer directement sur le lien de d\u00e9sabonnement inclus dans chaque courriel.<\/li>\n\n\n\n<li>Le Site comporte un espace de connexion afin de vous permettre d\u2019acc\u00e9der \u00e0 votre compte, effectuer de nouveaux achats, et suivre vos commandes d\u00e9j\u00e0 pass\u00e9es. Les donn\u00e9es de navigation des visiteurs du Site sont collect\u00e9es au travers des donn\u00e9es de connexion (logs) g\u00e9n\u00e9r\u00e9es par le serveur web du Site. Elles sont conserv\u00e9es \u00e0 des fins de s\u00e9curit\u00e9 et de personnalisation des services et pour vous permettre d\u2019acc\u00e9der \u00e0 votre compte, pendant une dur\u00e9e strictement n\u00e9cessaire \u00e0 ces finalit\u00e9s, et ne pouvant exc\u00e9der six mois \u00e0 des fins de s\u00e9curit\u00e9. Ces donn\u00e9es sont destin\u00e9es aux services TFS et\/ou aux prestataires auxquels elle fait appel afin de g\u00e9rer le Site et d\u2019en assurer la s\u00e9curit\u00e9.<\/li>\n<\/ul>\n\n\n\n<p>Les donn\u00e9es que vous saisissez sont n\u00e9cessaires \u00e0 la gestion des commandes, \u00e0 l&#8217;ex\u00e9cution et au suivi des relations commerciales, ainsi qu&#8217;\u00e0 des fins statistiques internes. Ces donn\u00e9es personnelles trait\u00e9es via le Site restent sur le territoire de l\u2019Union Europ\u00e9enne. Les donn\u00e9es collect\u00e9es sur le Site sont exclusivement destin\u00e9es \u00e0 IMSC, et\/ou aux sous-traitants auxquels il est \u00e9ventuellement fait appel dans le cadre de la gestion du Site et de la gestion des commandes (la Soci\u00e9t\u00e9 X pour la gestion des paiements, Mailchimp pour la gestion des newsletter\u2026).<\/p>\n\n\n\n<h4 class=\"wp-block-heading\"><strong>Adresse IP et cookies<\/strong><\/h4>\n\n\n\n<p>Pour des raisons commerciales et techniques, nous sommes susceptibles de recueillir des informations concernant votre ordinateur et votre adresse IP. Nous utilisons des cookies qui sont des t\u00e9moins de connexion. Ils nous fournissent des donn\u00e9es et des param\u00e8tres via votre navigateur internet.<br>Sachez que toutes ces donn\u00e9es sont d\u2019ordre statistique et n\u2019identifient aucun individu en particulier. Elles ont pour but :<\/p>\n\n\n\n<ol class=\"wp-block-list\">\n<li>De sauvegarder des informations sur vos pr\u00e9f\u00e9rences, et ainsi de nous permettre de personnaliser le site selon vos besoins<\/li>\n\n\n\n<li>De vous faciliter l\u2019acc\u00e8s au site<\/li>\n\n\n\n<li>De vous reconna\u00eetre rapidement \u00e0 chacune de vos visites<\/li>\n<\/ol>\n\n\n\n<p>Vous \u00eates en droit de refuser ces cookies en r\u00e9glant vos param\u00e8tres \u00e0 cet effet, toutefois vous seriez alors peut-\u00eatre dans l\u2019impossibilit\u00e9 d\u2019acc\u00e9der \u00e0 certaines donn\u00e9es de notre site.<br>[matomo_opt_out]<\/p>\n\n\n\n<h4 class=\"wp-block-heading\"><strong>Dur\u00e9e de conservation<\/strong><\/h4>\n\n\n\n<p>Les donn\u00e9es des visiteurs du Site, clients ou prospects de IMSC sont conserv\u00e9es pendant le temps n\u00e9cessaire \u00e0 la gestion de la relation commerciale et au traitement de leur(s) demande(s). Les donn\u00e9es des clients utilis\u00e9es \u00e0 des fins de prospection commerciale peuvent \u00eatre conserv\u00e9es pendant un d\u00e9lai de trois ans \u00e0 compter de la fin de la relation commerciale. Les donn\u00e9es des visiteurs du Site, prospects non client de IMSC, sont conserv\u00e9es durant le temps n\u00e9cessaire \u00e0 la gestion de la relation commerciale, et pendant un d\u00e9lai de trois ans \u00e0 compter de leur collecte ou du dernier contact \u00e9manant du prospect, sauf accord pour une dur\u00e9e plus longue.<\/p>\n\n\n\n<p>Toutes les donn\u00e9es permettant d\u2019\u00e9tablir la preuve d\u2019un droit ou d\u2019un contrat, ou conserv\u00e9es au titre du respect d\u2019une obligation l\u00e9gale et\/ou r\u00e8glementaire, peuvent faire l\u2019objet d\u2019une politique d\u2019archivage, et \u00eatre conserv\u00e9es \u00e0 ces fins conform\u00e9ment aux dispositions l\u00e9gales et\/ou r\u00e8glementaires en vigueur.<\/p>\n\n\n\n<h4 class=\"wp-block-heading\"><strong>Vos droits<\/strong><\/h4>\n\n\n\n<p>Conform\u00e9ment \u00e0 la loi n\u00b078-17 du 6 janvier 1978 et au RGPD, vous disposez d&#8217;un droit d&#8217;acc\u00e8s, de rectification ou d&#8217;effacement des donn\u00e9es \u00e0 caract\u00e8re personnel vous concernant, et le cas \u00e9ch\u00e9ant, d&#8217;un droit \u00e0 la portabilit\u00e9 de vos donn\u00e9es. Vous pouvez demander la limitation ou vous opposer au traitement de vos donn\u00e9es, ou le cas \u00e9ch\u00e9ant, retirer votre consentement. Vous pouvez \u00e9galement d\u00e9finir des directives sur le sort de vos donn\u00e9es apr\u00e8s votre mort, par application de l&#8217;article 32 6\u00b0 de la Loi modifi\u00e9e n\u00b078-17 du 6 Janvier 1978.<\/p>\n\n\n\n<p>Pour exercer ces droits, vous pouvez vous adresser \u00e0 IMSC en \u00e9crivant \u00e0 cette <a href=\"mailto:legal@dilectacycles.com\">adresse \u00e9lectronique<\/a>  ou encore \u00e0 l&#8217;adresse du si\u00e8ge social de IMSC telle que mentionn\u00e9e dans les Conditions G\u00e9n\u00e9rales de Vente.<\/p>\n\n\n\n<p>Conform\u00e9ment \u00e0 la loi, vous disposez du droit l\u00e9gal d&#8217;introduire toute r\u00e9clamation aupr\u00e8s d&#8217;une autorit\u00e9 de contr\u00f4le :&nbsp;<a href=\"https:\/\/www.cnil.fr\/\">https:\/\/www.cnil.fr\/<\/a><\/p>\n\n\n\n<div class=\"wp-block-columns alignwide dilecta delete-768 is-layout-flex wp-container-core-columns-is-layout-28f84493 wp-block-columns-is-layout-flex\">\n<div class=\"wp-block-column is-layout-flow wp-block-column-is-layout-flow\">\n<div class=\"wp-block-cover aligncenter is-light is-repeated\" style=\"min-height:100px;aspect-ratio:unset;\"><span aria-hidden=\"true\" class=\"wp-block-cover__background has-background-dim-80 has-background-dim\" style=\"background-color:#9298a8\"><\/span><div class=\"wp-block-cover__image-background wp-image-91 is-repeated\" style=\"background-position:50% 75%;background-image:url(https:\/\/dilectacycles.com\/wp-content\/uploads\/2021\/01\/Dilecta_Collection_AixEnPce_1120_KevinMetallier.jpg)\"><\/div><div class=\"wp-block-cover__inner-container is-layout-flow wp-block-cover-is-layout-flow\">\n<p class=\"has-text-align-center has-white-color has-text-color has-large-font-size\"><strong><em>D\u00e9couvrez nos v\u00e9los<\/em><\/strong><\/p>\n\n\n\n<div class=\"wp-block-buttons dilecta is-content-justification-center is-layout-flex wp-container-core-buttons-is-layout-a89b3969 wp-block-buttons-is-layout-flex\">\n<div class=\"wp-block-button\"><a class=\"wp-block-button__link wp-element-button\" href=\"https:\/\/dilectacycles.com\/en\/our-bikes\/?lang=en\">La gamme Dilecta<\/a><\/div>\n<\/div>\n<\/div><\/div>\n<\/div>\n\n\n\n<div class=\"wp-block-column is-layout-flow wp-block-column-is-layout-flow\">\n<div class=\"wp-block-cover aligncenter is-light\" style=\"min-height:100px;aspect-ratio:unset;\"><span aria-hidden=\"true\" class=\"wp-block-cover__background has-background-dim-80 has-background-dim\" style=\"background-color:#9298a8\"><\/span><img loading=\"lazy\" decoding=\"async\" width=\"2560\" height=\"1707\" class=\"wp-block-cover__image-background wp-image-1056\" src=\"https:\/\/dilectacycles.com\/wp-content\/uploads\/2021\/02\/DILECTA-BLUE.JPEG05-scaled.jpg\" style=\"object-position:50% 45%\" data-object-fit=\"cover\" data-object-position=\"50% 45%\" srcset=\"https:\/\/dilectacycles.com\/wp-content\/uploads\/2021\/02\/DILECTA-BLUE.JPEG05-scaled.jpg 2560w, https:\/\/dilectacycles.com\/wp-content\/uploads\/2021\/02\/DILECTA-BLUE.JPEG05-scaled-324x216.jpg 324w, https:\/\/dilectacycles.com\/wp-content\/uploads\/2021\/02\/DILECTA-BLUE.JPEG05-scaled-416x277.jpg 416w, https:\/\/dilectacycles.com\/wp-content\/uploads\/2021\/02\/DILECTA-BLUE.JPEG05-300x200.jpg 300w, https:\/\/dilectacycles.com\/wp-content\/uploads\/2021\/02\/DILECTA-BLUE.JPEG05-1024x683.jpg 1024w, https:\/\/dilectacycles.com\/wp-content\/uploads\/2021\/02\/DILECTA-BLUE.JPEG05-768x512.jpg 768w, https:\/\/dilectacycles.com\/wp-content\/uploads\/2021\/02\/DILECTA-BLUE.JPEG05-1600x1067.jpg 1600w, https:\/\/dilectacycles.com\/wp-content\/uploads\/2021\/02\/DILECTA-BLUE.JPEG05-1536x1024.jpg 1536w, https:\/\/dilectacycles.com\/wp-content\/uploads\/2021\/02\/DILECTA-BLUE.JPEG05-2048x1365.jpg 2048w\" sizes=\"auto, (max-width: 2560px) 100vw, 2560px\" \/><div class=\"wp-block-cover__inner-container is-layout-flow wp-block-cover-is-layout-flow\">\n<p class=\"has-text-align-center has-white-color has-text-color has-large-font-size\"><em><strong>Commandez Dilecta <\/strong><\/em><\/p>\n\n\n\n<div class=\"wp-block-buttons dilecta is-content-justification-center is-layout-flex wp-container-core-buttons-is-layout-a89b3969 wp-block-buttons-is-layout-flex\">\n<div class=\"wp-block-button\"><a class=\"wp-block-button__link wp-element-button\" href=\"https:\/\/dilectacycles.com\/boutique\/\">Boutique<\/a><\/div>\n<\/div>\n<\/div><\/div>\n<\/div>\n\n\n\n<div class=\"wp-block-column is-layout-flow wp-block-column-is-layout-flow\">\n<div class=\"wp-block-cover aligncenter is-light is-repeated\" style=\"min-height:100px;aspect-ratio:unset;\"><span aria-hidden=\"true\" class=\"wp-block-cover__background has-background-dim-80 has-background-dim\" style=\"background-color:#9298a8\"><\/span><div class=\"wp-block-cover__image-background wp-image-94 is-repeated\" style=\"background-position:32% 80%;background-image:url(https:\/\/dilectacycles.com\/wp-content\/uploads\/2021\/01\/Team-dilecta.jpg)\"><\/div><div class=\"wp-block-cover__inner-container is-layout-flow wp-block-cover-is-layout-flow\">\n<p class=\"has-text-align-center has-white-color has-text-color has-large-font-size\"><strong><em>Une question ?<\/em><\/strong><\/p>\n\n\n\n<div class=\"wp-block-buttons dilecta is-content-justification-center is-layout-flex wp-container-core-buttons-is-layout-a89b3969 wp-block-buttons-is-layout-flex\">\n<div class=\"wp-block-button\"><a class=\"wp-block-button__link wp-element-button\" href=\"https:\/\/dilectacycles.com\/en\/contact-us\/?lang=en\">Contactez-nous<\/a><\/div>\n<\/div>\n<\/div><\/div>\n<\/div>\n<\/div>\n","protected":false},"excerpt":{"rendered":"<p>Politique deconfidentialit\u00e9 IMSC DILECTA (ci-apr\u00e8s \u00ab&nbsp;IMSC&nbsp;\u00bb), telle que d\u00e9finie dans les Mentions l\u00e9gales, est le responsable du traitement au sens du RGPD, pour la collecte et le traitement des donn\u00e9es \u00e0 caract\u00e8re personnel effectu\u00e9s sur le pr\u00e9sent site accessible \u00e0 l\u2019adresse URL &lt; https:\/\/dilectacycles.com&gt; (ci-apr\u00e8s le \u00ab&nbsp;Site&nbsp;\u00bb). A ce titre, IMSC s\u2019engage \u00e0 respecter les [&hellip;]<\/p>\n","protected":false},"author":1,"featured_media":0,"parent":0,"menu_order":0,"comment_status":"closed","ping_status":"closed","template":"","meta":{"_acf_changed":false,"footnotes":""},"class_list":["post-3771","page","type-page","status-publish","hentry"],"featured_image_src":null,"acf":[],"yoast_head":"<!-- This site is optimized with the Yoast SEO plugin v27.4 - https:\/\/yoast.com\/product\/yoast-seo-wordpress\/ -->\n<title>Privacy Policy - DILECTA Cycles<\/title>\n<meta name=\"robots\" content=\"index, follow, max-snippet:-1, max-image-preview:large, max-video-preview:-1\" \/>\n<link rel=\"canonical\" href=\"https:\/\/dilectacycles.com\/en\/privacy-policy\/\" \/>\n<meta property=\"og:locale\" content=\"en_US\" \/>\n<meta property=\"og:type\" content=\"article\" \/>\n<meta property=\"og:title\" content=\"Privacy Policy - DILECTA Cycles\" \/>\n<meta property=\"og:description\" content=\"Politique deconfidentialit\u00e9 IMSC DILECTA (ci-apr\u00e8s \u00ab&nbsp;IMSC&nbsp;\u00bb), telle que d\u00e9finie dans les Mentions l\u00e9gales, est le responsable du traitement au sens du RGPD, pour la collecte et le traitement des donn\u00e9es \u00e0 caract\u00e8re personnel effectu\u00e9s sur le pr\u00e9sent site accessible \u00e0 l\u2019adresse URL &lt; https:\/\/dilectacycles.com&gt; (ci-apr\u00e8s le \u00ab&nbsp;Site&nbsp;\u00bb). A ce titre, IMSC s\u2019engage \u00e0 respecter les [&hellip;]\" \/>\n<meta property=\"og:url\" content=\"https:\/\/dilectacycles.com\/en\/privacy-policy\/\" \/>\n<meta property=\"og:site_name\" content=\"DILECTA Cycles\" \/>\n<meta property=\"article:publisher\" content=\"https:\/\/www.facebook.com\/DILECTA-Cycles-107137331331736\" \/>\n<meta property=\"article:modified_time\" content=\"2024-04-17T16:03:51+00:00\" \/>\n<meta property=\"og:image\" content=\"https:\/\/dilectacycles.com\/wp-content\/uploads\/2021\/01\/DepartCourse-le-BLANC-1921-scaled.jpg\" \/>\n<meta name=\"twitter:card\" content=\"summary_large_image\" \/>\n<meta name=\"twitter:label1\" content=\"Est. reading time\" \/>\n\t<meta name=\"twitter:data1\" content=\"5 minutes\" \/>\n<script type=\"application\/ld+json\" class=\"yoast-schema-graph\">{\"@context\":\"https:\\\/\\\/schema.org\",\"@graph\":[{\"@type\":\"WebPage\",\"@id\":\"https:\\\/\\\/dilectacycles.com\\\/en\\\/privacy-policy\\\/\",\"url\":\"https:\\\/\\\/dilectacycles.com\\\/en\\\/privacy-policy\\\/\",\"name\":\"Privacy Policy - DILECTA Cycles\",\"isPartOf\":{\"@id\":\"https:\\\/\\\/dilectacycles.com\\\/en\\\/#website\"},\"primaryImageOfPage\":{\"@id\":\"https:\\\/\\\/dilectacycles.com\\\/en\\\/privacy-policy\\\/#primaryimage\"},\"image\":{\"@id\":\"https:\\\/\\\/dilectacycles.com\\\/en\\\/privacy-policy\\\/#primaryimage\"},\"thumbnailUrl\":\"https:\\\/\\\/dilectacycles.com\\\/wp-content\\\/uploads\\\/2021\\\/01\\\/DepartCourse-le-BLANC-1921-scaled.jpg\",\"datePublished\":\"2021-06-30T08:37:31+00:00\",\"dateModified\":\"2024-04-17T16:03:51+00:00\",\"breadcrumb\":{\"@id\":\"https:\\\/\\\/dilectacycles.com\\\/en\\\/privacy-policy\\\/#breadcrumb\"},\"inLanguage\":\"en-US\",\"potentialAction\":[{\"@type\":\"ReadAction\",\"target\":[\"https:\\\/\\\/dilectacycles.com\\\/en\\\/privacy-policy\\\/\"]}]},{\"@type\":\"ImageObject\",\"inLanguage\":\"en-US\",\"@id\":\"https:\\\/\\\/dilectacycles.com\\\/en\\\/privacy-policy\\\/#primaryimage\",\"url\":\"https:\\\/\\\/dilectacycles.com\\\/wp-content\\\/uploads\\\/2021\\\/01\\\/DepartCourse-le-BLANC-1921-scaled.jpg\",\"contentUrl\":\"https:\\\/\\\/dilectacycles.com\\\/wp-content\\\/uploads\\\/2021\\\/01\\\/DepartCourse-le-BLANC-1921-scaled.jpg\"},{\"@type\":\"BreadcrumbList\",\"@id\":\"https:\\\/\\\/dilectacycles.com\\\/en\\\/privacy-policy\\\/#breadcrumb\",\"itemListElement\":[{\"@type\":\"ListItem\",\"position\":1,\"name\":\"Accueil\",\"item\":\"https:\\\/\\\/dilectacycles.com\\\/en\\\/\"},{\"@type\":\"ListItem\",\"position\":2,\"name\":\"Privacy Policy\"}]},{\"@type\":\"WebSite\",\"@id\":\"https:\\\/\\\/dilectacycles.com\\\/en\\\/#website\",\"url\":\"https:\\\/\\\/dilectacycles.com\\\/en\\\/\",\"name\":\"DILECTA Cycles\",\"description\":\"Depuis 1913\",\"publisher\":{\"@id\":\"https:\\\/\\\/dilectacycles.com\\\/en\\\/#organization\"},\"potentialAction\":[{\"@type\":\"SearchAction\",\"target\":{\"@type\":\"EntryPoint\",\"urlTemplate\":\"https:\\\/\\\/dilectacycles.com\\\/en\\\/?s={search_term_string}\"},\"query-input\":{\"@type\":\"PropertyValueSpecification\",\"valueRequired\":true,\"valueName\":\"search_term_string\"}}],\"inLanguage\":\"en-US\"},{\"@type\":\"Organization\",\"@id\":\"https:\\\/\\\/dilectacycles.com\\\/en\\\/#organization\",\"name\":\"DILECTA Cycles\",\"url\":\"https:\\\/\\\/dilectacycles.com\\\/en\\\/\",\"logo\":{\"@type\":\"ImageObject\",\"inLanguage\":\"en-US\",\"@id\":\"https:\\\/\\\/dilectacycles.com\\\/en\\\/#\\\/schema\\\/logo\\\/image\\\/\",\"url\":\"https:\\\/\\\/dilectacycles.com\\\/wp-content\\\/uploads\\\/2021\\\/01\\\/LogoH.png\",\"contentUrl\":\"https:\\\/\\\/dilectacycles.com\\\/wp-content\\\/uploads\\\/2021\\\/01\\\/LogoH.png\",\"width\":1563,\"height\":398,\"caption\":\"DILECTA Cycles\"},\"image\":{\"@id\":\"https:\\\/\\\/dilectacycles.com\\\/en\\\/#\\\/schema\\\/logo\\\/image\\\/\"},\"sameAs\":[\"https:\\\/\\\/www.facebook.com\\\/DILECTA-Cycles-107137331331736\",\"https:\\\/\\\/www.instagram.com\\\/dilecta_cycles\\\/\",\"https:\\\/\\\/www.linkedin.com\\\/company\\\/in-motion-sports-consulting\\\/\",\"https:\\\/\\\/www.youtube.com\\\/channel\\\/UChR3Ekn4AnWv3N0AAKKzLiQ\"]}]}<\/script>\n<!-- \/ Yoast SEO plugin. -->","yoast_head_json":{"title":"Privacy Policy - DILECTA Cycles","robots":{"index":"index","follow":"follow","max-snippet":"max-snippet:-1","max-image-preview":"max-image-preview:large","max-video-preview":"max-video-preview:-1"},"canonical":"https:\/\/dilectacycles.com\/en\/privacy-policy\/","og_locale":"en_US","og_type":"article","og_title":"Privacy Policy - DILECTA Cycles","og_description":"Politique deconfidentialit\u00e9 IMSC DILECTA (ci-apr\u00e8s \u00ab&nbsp;IMSC&nbsp;\u00bb), telle que d\u00e9finie dans les Mentions l\u00e9gales, est le responsable du traitement au sens du RGPD, pour la collecte et le traitement des donn\u00e9es \u00e0 caract\u00e8re personnel effectu\u00e9s sur le pr\u00e9sent site accessible \u00e0 l\u2019adresse URL &lt; https:\/\/dilectacycles.com&gt; (ci-apr\u00e8s le \u00ab&nbsp;Site&nbsp;\u00bb). A ce titre, IMSC s\u2019engage \u00e0 respecter les [&hellip;]","og_url":"https:\/\/dilectacycles.com\/en\/privacy-policy\/","og_site_name":"DILECTA Cycles","article_publisher":"https:\/\/www.facebook.com\/DILECTA-Cycles-107137331331736","article_modified_time":"2024-04-17T16:03:51+00:00","og_image":[{"url":"https:\/\/dilectacycles.com\/wp-content\/uploads\/2021\/01\/DepartCourse-le-BLANC-1921-scaled.jpg","type":"","width":"","height":""}],"twitter_card":"summary_large_image","twitter_misc":{"Est. reading time":"5 minutes"},"schema":{"@context":"https:\/\/schema.org","@graph":[{"@type":"WebPage","@id":"https:\/\/dilectacycles.com\/en\/privacy-policy\/","url":"https:\/\/dilectacycles.com\/en\/privacy-policy\/","name":"Privacy Policy - DILECTA Cycles","isPartOf":{"@id":"https:\/\/dilectacycles.com\/en\/#website"},"primaryImageOfPage":{"@id":"https:\/\/dilectacycles.com\/en\/privacy-policy\/#primaryimage"},"image":{"@id":"https:\/\/dilectacycles.com\/en\/privacy-policy\/#primaryimage"},"thumbnailUrl":"https:\/\/dilectacycles.com\/wp-content\/uploads\/2021\/01\/DepartCourse-le-BLANC-1921-scaled.jpg","datePublished":"2021-06-30T08:37:31+00:00","dateModified":"2024-04-17T16:03:51+00:00","breadcrumb":{"@id":"https:\/\/dilectacycles.com\/en\/privacy-policy\/#breadcrumb"},"inLanguage":"en-US","potentialAction":[{"@type":"ReadAction","target":["https:\/\/dilectacycles.com\/en\/privacy-policy\/"]}]},{"@type":"ImageObject","inLanguage":"en-US","@id":"https:\/\/dilectacycles.com\/en\/privacy-policy\/#primaryimage","url":"https:\/\/dilectacycles.com\/wp-content\/uploads\/2021\/01\/DepartCourse-le-BLANC-1921-scaled.jpg","contentUrl":"https:\/\/dilectacycles.com\/wp-content\/uploads\/2021\/01\/DepartCourse-le-BLANC-1921-scaled.jpg"},{"@type":"BreadcrumbList","@id":"https:\/\/dilectacycles.com\/en\/privacy-policy\/#breadcrumb","itemListElement":[{"@type":"ListItem","position":1,"name":"Accueil","item":"https:\/\/dilectacycles.com\/en\/"},{"@type":"ListItem","position":2,"name":"Privacy Policy"}]},{"@type":"WebSite","@id":"https:\/\/dilectacycles.com\/en\/#website","url":"https:\/\/dilectacycles.com\/en\/","name":"DILECTA Cycles","description":"Depuis 1913","publisher":{"@id":"https:\/\/dilectacycles.com\/en\/#organization"},"potentialAction":[{"@type":"SearchAction","target":{"@type":"EntryPoint","urlTemplate":"https:\/\/dilectacycles.com\/en\/?s={search_term_string}"},"query-input":{"@type":"PropertyValueSpecification","valueRequired":true,"valueName":"search_term_string"}}],"inLanguage":"en-US"},{"@type":"Organization","@id":"https:\/\/dilectacycles.com\/en\/#organization","name":"DILECTA Cycles","url":"https:\/\/dilectacycles.com\/en\/","logo":{"@type":"ImageObject","inLanguage":"en-US","@id":"https:\/\/dilectacycles.com\/en\/#\/schema\/logo\/image\/","url":"https:\/\/dilectacycles.com\/wp-content\/uploads\/2021\/01\/LogoH.png","contentUrl":"https:\/\/dilectacycles.com\/wp-content\/uploads\/2021\/01\/LogoH.png","width":1563,"height":398,"caption":"DILECTA Cycles"},"image":{"@id":"https:\/\/dilectacycles.com\/en\/#\/schema\/logo\/image\/"},"sameAs":["https:\/\/www.facebook.com\/DILECTA-Cycles-107137331331736","https:\/\/www.instagram.com\/dilecta_cycles\/","https:\/\/www.linkedin.com\/company\/in-motion-sports-consulting\/","https:\/\/www.youtube.com\/channel\/UChR3Ekn4AnWv3N0AAKKzLiQ"]}]}},"_links":{"self":[{"href":"https:\/\/dilectacycles.com\/en\/wp-json\/wp\/v2\/pages\/3771","targetHints":{"allow":["GET"]}}],"collection":[{"href":"https:\/\/dilectacycles.com\/en\/wp-json\/wp\/v2\/pages"}],"about":[{"href":"https:\/\/dilectacycles.com\/en\/wp-json\/wp\/v2\/types\/page"}],"author":[{"embeddable":true,"href":"https:\/\/dilectacycles.com\/en\/wp-json\/wp\/v2\/users\/1"}],"replies":[{"embeddable":true,"href":"https:\/\/dilectacycles.com\/en\/wp-json\/wp\/v2\/comments?post=3771"}],"version-history":[{"count":6,"href":"https:\/\/dilectacycles.com\/en\/wp-json\/wp\/v2\/pages\/3771\/revisions"}],"predecessor-version":[{"id":15703,"href":"https:\/\/dilectacycles.com\/en\/wp-json\/wp\/v2\/pages\/3771\/revisions\/15703"}],"wp:attachment":[{"href":"https:\/\/dilectacycles.com\/en\/wp-json\/wp\/v2\/media?parent=3771"}],"curies":[{"name":"wp","href":"https:\/\/api.w.org\/{rel}","templated":true}]}}